{"id":23,"date":"2025-10-01T16:58:06","date_gmt":"2025-10-01T16:58:06","guid":{"rendered":"https:\/\/ferrazlynce.pt\/?page_id=23"},"modified":"2025-12-03T14:56:33","modified_gmt":"2025-12-03T14:56:33","slug":"politica-de-privacidade","status":"publish","type":"page","link":"https:\/\/ferrazlynce.pt\/en\/politica-de-privacidade\/","title":{"rendered":"Privacy Policy"},"content":{"rendered":"<div data-elementor-type=\"wp-page\" data-elementor-id=\"23\" class=\"elementor elementor-23\" data-elementor-post-type=\"page\">\n\t\t\t\t<div class=\"elementor-element elementor-element-d08e8a0 e-flex e-con-boxed e-con e-parent\" data-id=\"d08e8a0\" data-element_type=\"container\" data-e-type=\"container\">\n\t\t\t\t\t<div class=\"e-con-inner\">\n\t\t\t\t<div class=\"elementor-element elementor-element-147161d elementor-widget elementor-widget-spacer\" data-id=\"147161d\" data-element_type=\"widget\" data-e-type=\"widget\" data-widget_type=\"spacer.default\">\n\t\t\t\t\t\t\t<div class=\"elementor-spacer\">\n\t\t\t<div class=\"elementor-spacer-inner\"><\/div>\n\t\t<\/div>\n\t\t\t\t\t\t<\/div>\n\t\t\t\t<div class=\"elementor-element elementor-element-822112f elementor-widget elementor-widget-heading\" data-id=\"822112f\" data-element_type=\"widget\" data-e-type=\"widget\" data-widget_type=\"heading.default\">\n\t\t\t\t\t<h2 class=\"elementor-heading-title elementor-size-default\">POL\u00cdTICA DE PRIVACIDADE<\/h2>\t\t\t\t<\/div>\n\t\t\t\t<div class=\"elementor-element elementor-element-ddaedce elementor-widget elementor-widget-text-editor\" data-id=\"ddaedce\" data-element_type=\"widget\" data-e-type=\"widget\" data-widget_type=\"text-editor.default\">\n\t\t\t\t\t\t\t\t\t<h2>A. PARTE GERAL<\/h2>\n\n<h3>1.1. RECOLHA E TRATAMENTO DE DADOS DO UTILIZADOR<\/h3>\n\n<p>No \u00e2mbito da disponibiliza\u00e7\u00e3o do website alojado em <a href=\"https:\/\/ferrazlynce.pt\/en\/\">https:\/\/www.ferrazlynce.pt\/<\/a> (doravante abreviadamente designado apenas por \u201cSite\u201d), do fornecimento de informa\u00e7\u00f5es, conte\u00fados e \u00e1reas de login (em conjunto, os \u201cServi\u00e7os\u201d), a sociedade FERRAZ, LYNCE Especialidades Farmac\u00eauticas, S.A. (doravante \u201cFERRAZ LYNCE\u201d), com sede na Rua Consiglieri Pedroso 123, Barcarena, Portugal, \u00e9 a entidade respons\u00e1vel pela recolha e tratamento dos seus dados pessoais que permitam identific\u00e1-lo e\/ou contact\u00e1-lo (\u201cDados Pessoais\u201d), para as finalidades referidas na presente Pol\u00edtica de Privacidade.<\/p>\n\n<p>Por regra, os Dados Pessoais s\u00e3o requisitados quando o Utilizador solicita um contacto.<\/p>\n\n<p>Os Dados Pessoais recolhidos e tratados consistem em informa\u00e7\u00e3o relativa ao nome e e-mail.<\/p>\n\n<p>Aquando da recolha dos Dados Pessoais, a FERRAZ LYNCE presta ao Utilizador informa\u00e7\u00f5es detalhadas acerca da natureza dos dados recolhidos e acerca da finalidade e do tratamento que ser\u00e1 realizado relativamente aos Dados Pessoais, e, bem assim, as informa\u00e7\u00f5es mencionadas na cl\u00e1usula 7.<\/p>\n\n<p>A FERRAZ LYNCE tamb\u00e9m recolhe e trata informa\u00e7\u00e3o sobre o seu hardware e software, assim como informa\u00e7\u00e3o sobre as p\u00e1ginas visitadas pelo Utilizador dentro do Site. Esta informa\u00e7\u00e3o pode incluir: o seu tipo de browser, o nome de dom\u00ednio, os tempos de acesso e as hiperliga\u00e7\u00f5es atrav\u00e9s das quais o Utilizador acedeu ao Site (\u201cInforma\u00e7\u00e3o de Usabilidade\u201d). Utilizamos esta informa\u00e7\u00e3o apenas para melhorar a qualidade da sua visita ao nosso Site.<\/p>\n\n<p>A Informa\u00e7\u00e3o de Usabilidade e os Dados Pessoais s\u00e3o designados na presente Pol\u00edtica de Privacidade por \u201cDados do Utilizador\u201d.<\/p>\n\n<h3>1.2. ENTIDADES SUBCONTRATADAS<\/h3>\n\n<p>No \u00e2mbito do tratamento dos Dados do Utilizador, a FERRAZ LYNCE recorre ou poder\u00e1 recorrer a entidades terceiras, por si subcontratadas, para, em nome da FERRAZ LYNCE, e de acordo com as instru\u00e7\u00f5es dadas por esta, procederem ao tratamento dos Dados do Utilizador, em estrito cumprimento com o disposto na lei e na presente Pol\u00edtica de Privacidade.<\/p>\n\n<p>Estas entidades subcontratadas n\u00e3o poder\u00e3o transmitir os Dados do Utilizador a outras entidades sem que a FERRAZ LYNCE tenha dado, previamente e por escrito, autoriza\u00e7\u00e3o para tal, estando tamb\u00e9m impedidas de contratar outras entidades sem autoriza\u00e7\u00e3o pr\u00e9via da FERRAZ LYNCE.<\/p>\n\n<p>A FERRAZ LYNCE assume o compromisso de subcontratar apenas entidades que apresentem garantias suficientes de execu\u00e7\u00e3o das medidas t\u00e9cnicas e organizativas adequadas, de forma a assegurar a defesa dos direitos do Utilizador. Todas as entidades subcontratadas pela FERRAZ LYNCE ficam vinculadas a esta \u00faltima atrav\u00e9s de um contrato escrito no qual s\u00e3o regulados, nomeadamente, o objeto e a dura\u00e7\u00e3o do tratamento, a natureza e finalidade do tratamento, o tipo de Dados Pessoais, as categorias dos titulares dos dados e os direitos e obriga\u00e7\u00f5es das partes.<\/p>\n\n<p>Aquando da recolha dos Dados Pessoais, a FERRAZ LYNCE presta ao Utilizador informa\u00e7\u00f5es acerca das categorias de entidades subcontratadas que, no caso concreto, possam efetuar tratamentos de dados em nome da FERRAZ LYNCE.<\/p>\n\n<h3>1.3. CANAIS DE RECOLHA DOS DADOS<\/h3>\n\n<p>A FERRAZ LYNCE pode recolher dados de forma direta (isto \u00e9, diretamente junto do Utilizador) ou de forma indireta (isto \u00e9, atrav\u00e9s de entidades parceiras ou terceiros). A recolha pode ser feita atrav\u00e9s dos seguintes canais:<\/p>\n\n<ul>\n    <li><strong>Recolha direta:<\/strong> presencialmente, por telefone, por e-mail e atrav\u00e9s do Site;<\/li>\n    <li><strong>Recolha indireta:<\/strong> atrav\u00e9s de parceiros ou empresas do grupo e entidades oficiais.<\/li>\n<\/ul>\n\n<h3>2. PRINC\u00cdPIOS GERAIS APLIC\u00c1VEIS AO TRATAMENTO DE DADOS DO UTILIZADOR<\/h3>\n\n<p>Em termos de princ\u00edpios gerais relativos ao tratamento de Dados Pessoais, a FERRAZ LYNCE compromete-se a assegurar que os Dados do Utilizador por si tratados s\u00e3o:<\/p>\n\n<ul>\n    <li>Objeto de um tratamento l\u00edcito, leal e transparente em rela\u00e7\u00e3o ao Utilizador;<\/li>\n    <li>Recolhidos para finalidades determinadas, expl\u00edcitas e leg\u00edtimas, n\u00e3o sendo tratados posteriormente de uma forma incompat\u00edvel com essas finalidades;<\/li>\n    <li>Adequados, pertinentes e limitados ao que \u00e9 necess\u00e1rio relativamente \u00e0s finalidades para as quais s\u00e3o tratados;<\/li>\n    <li>Exatos e atualizados sempre que necess\u00e1rio, sendo adotadas todas as medidas adequadas para que os dados inexatos, tendo em conta as finalidades para que s\u00e3o tratados, sejam apagados ou retificados sem demora;<\/li>\n    <li>Conservados de uma forma que permite a identifica\u00e7\u00e3o do Utilizador apenas durante o per\u00edodo necess\u00e1rio para as finalidades para as quais os dados s\u00e3o tratados;<\/li>\n    <li>Tratados de uma forma que garante a sua seguran\u00e7a, incluindo a prote\u00e7\u00e3o contra o seu tratamento n\u00e3o autorizado ou il\u00edcito e contra a sua perda, destrui\u00e7\u00e3o ou danifica\u00e7\u00e3o acidental, sendo adotadas as medidas t\u00e9cnicas ou organizativas adequadas.<\/li>\n<\/ul>\n\n<p>Os tratamentos de dados efetuados pela FERRAZ LYNCE s\u00e3o l\u00edcitos quando se verifique pelo menos uma das seguintes situa\u00e7\u00f5es:<\/p>\n\n<ul>\n    <li>O Utilizador tiver dado o seu consentimento expl\u00edcito para o tratamento dos Dados do Utilizador para uma ou mais finalidades espec\u00edficas;<\/li>\n    <li>O tratamento for necess\u00e1rio para a execu\u00e7\u00e3o de um contrato no qual o Utilizador \u00e9 parte, ou para dilig\u00eancias pr\u00e9-contratuais a pedido do Utilizador;<\/li>\n    <li>O tratamento for necess\u00e1rio para o cumprimento de uma obriga\u00e7\u00e3o jur\u00eddica a que a FERRAZ LYNCE esteja sujeita;<\/li>\n    <li>O tratamento for necess\u00e1rio para a defesa de interesses vitais do Utilizador ou de outra pessoa singular;<\/li>\n    <li>O tratamento for necess\u00e1rio para efeito dos interesses leg\u00edtimos prosseguidos pela FERRAZ LYNCE ou por terceiros (exceto se prevalecerem os interesses ou direitos e liberdades fundamentais do Utilizador que exijam a prote\u00e7\u00e3o dos Dados Pessoais).<\/li>\n<\/ul>\n\n<p>A FERRAZ LYNCE compromete-se a assegurar que o tratamento dos Dados do Utilizador apenas \u00e9 feito nas condi\u00e7\u00f5es acima elencadas e com respeito pelos princ\u00edpios acima mencionados.<\/p>\n\n<p>Quando o tratamento dos Dados do Utilizador for realizado pela FERRAZ LYNCE com base no consentimento do Utilizador, este tem o direito de retirar o seu consentimento a qualquer momento. A retirada do consentimento, todavia, n\u00e3o compromete a licitude do tratamento efetuado pela FERRAZ LYNCE com base no consentimento previamente dado pelo Utilizador.<\/p>\n\n<p>O per\u00edodo de tempo durante o qual os dados s\u00e3o armazenados e conservados varia de acordo com a finalidade para a qual a informa\u00e7\u00e3o \u00e9 tratada.<\/p>\n\n<p>Efetivamente, existem requisitos legais que obrigam a conservar os dados por um per\u00edodo de tempo m\u00ednimo. Assim, e sempre que n\u00e3o exista uma exig\u00eancia legal espec\u00edfica, os dados ser\u00e3o armazenados e conservados apenas pelo per\u00edodo m\u00ednimo necess\u00e1rio para as finalidades que motivaram a sua recolha ou o seu posterior tratamento, findo o qual os mesmos ser\u00e3o eliminados.<\/p>\n\n<h3>3. UTILIZA\u00c7\u00c3O E FINALIDADES DO TRATAMENTO DE DADOS DO UTILIZADOR<\/h3>\n\n<p>Em termos gerais, a FERRAZ LYNCE utiliza os Dados do Utilizador com as seguintes finalidades:<\/p>\n\n<ul>\n    <li>Contactar o Utilizador, a seu pedido;<\/li>\n<\/ul>\n\n<p>A FERRAZ LYNCE pode combinar Dados Pessoais com Informa\u00e7\u00e3o de Usabilidade para fornecer ao Utilizador um conte\u00fado mais personalizado.<\/p>\n\n<p>Os Dados do Utilizador recolhidos pela FERRAZ LYNCE n\u00e3o s\u00e3o partilhados com terceiros sem consentimento do Utilizador, com exce\u00e7\u00e3o das situa\u00e7\u00f5es referidas no par\u00e1grafo a seguir. No entanto, no caso de o Utilizador contratar junto da FERRAZ LYNCE servi\u00e7os que sejam prestados por outras entidades respons\u00e1veis pelo tratamento de Dados Pessoais, os Dados do Utilizador poder\u00e3o ser consultados ou acedidos por essas entidades, na medida em que tal seja necess\u00e1rio \u00e0 presta\u00e7\u00e3o dos referidos servi\u00e7os.<\/p>\n\n<p>Nos termos legais aplic\u00e1veis, a FERRAZ LYNCE poder\u00e1 transmitir ou comunicar os Dados do Utilizador a outras entidades no caso de essa transmiss\u00e3o ou comunica\u00e7\u00e3o ser necess\u00e1ria para a execu\u00e7\u00e3o do contrato estabelecido entre o Utilizador e a FERRAZ LYNCE, ou para dilig\u00eancias pr\u00e9-contratuais a pedido do Utilizador, no caso de ser necess\u00e1ria para o cumprimento de uma obriga\u00e7\u00e3o jur\u00eddica a que a FERRAZ LYNCE esteja sujeita ou no caso de ser necess\u00e1ria para efeito da prossecu\u00e7\u00e3o de interesses leg\u00edtimos da FERRAZ LYNCE ou de terceiro. Ocorrendo uma transmiss\u00e3o de Dados do Utilizador a terceiros, ser\u00e3o envidados os esfor\u00e7os considerados razo\u00e1veis para que o transmiss\u00e1rio utilize os Dados do Utilizador transmitidos de forma consent\u00e2nea com esta Pol\u00edtica de Privacidade.<\/p>\n\n<h3>4. MEDIDAS T\u00c9CNICAS, ORGANIZATIVAS E DE SEGURAN\u00c7A IMPLEMENTADAS<\/h3>\n\n<p>Para garantir a seguran\u00e7a dos Dados do Utilizador e a m\u00e1xima confidencialidade, a FERRAZ LYNCE trata a informa\u00e7\u00e3o que nos forneceu de forma absolutamente confidencial, de acordo com as suas pol\u00edticas e procedimentos internos de seguran\u00e7a e confidencialidade, os quais s\u00e3o atualizados periodicamente consoante as necessidades, bem como de acordo com os termos e condi\u00e7\u00f5es legalmente previstos.<\/p>\n\n<p>Em fun\u00e7\u00e3o da natureza, do \u00e2mbito, do contexto e das finalidades do tratamento dos dados, bem como dos riscos decorrentes do tratamento para os direitos e liberdades do Utilizador, a FERRAZ LYNCE compromete-se a aplicar, tanto no momento de defini\u00e7\u00e3o dos meios de tratamento como no momento do pr\u00f3prio tratamento, as medidas t\u00e9cnicas e organizativas necess\u00e1rias e adequadas \u00e0 prote\u00e7\u00e3o dos Dados do Utilizador e ao cumprimento dos requisitos legais.<\/p>\n\n<p>Compromete-se ainda a assegurar que, por defeito, s\u00f3 sejam tratados os dados que forem necess\u00e1rios para cada finalidade espec\u00edfica do tratamento e que esses dados n\u00e3o sejam disponibilizados sem interven\u00e7\u00e3o humana a um n\u00famero indeterminado de pessoas.<\/p>\n\n<p>Em termos de medidas gerais, a FERRAZ LYNCE adota as seguintes:<\/p>\n\n<ul>\n    <li>Auditorias regulares com vista a aferir a efic\u00e1cia das medidas t\u00e9cnicas e organizativas implementadas;<\/li>\n    <li>Sensibiliza\u00e7\u00e3o e forma\u00e7\u00e3o do pessoal implicado nas opera\u00e7\u00f5es de tratamento de dados;<\/li>\n    <li>Pseudonimiza\u00e7\u00e3o e cifragem de Dados Pessoais;<\/li>\n    <li>Mecanismos capazes de assegurar a confidencialidade, disponibilidade e resili\u00eancia permanentes dos sistemas de informa\u00e7\u00e3o;<\/li>\n    <li>Mecanismos que asseguram o restabelecimento dos sistemas de informa\u00e7\u00e3o e o acesso aos Dados Pessoais de forma atempada no caso de um incidente f\u00edsico ou t\u00e9cnico.<\/li>\n<\/ul>\n\n<h3>5. TRANSFER\u00caNCIA DE DADOS PARA FORA DA UNI\u00c3O EUROPEIA<\/h3>\n\n<p>Os Dados Pessoais recolhidos e utilizados pela FERRAZ LYNCE n\u00e3o s\u00e3o disponibilizados a terceiros estabelecidos fora da Uni\u00e3o Europeia. Se, no futuro, esta transfer\u00eancia acontecer pelas raz\u00f5es supra referidas, a FERRAZ LYNCE compromete-se a assegurar que a transfer\u00eancia observa as disposi\u00e7\u00f5es legais aplic\u00e1veis, nomeadamente quanto \u00e0 determina\u00e7\u00e3o da adequabilidade de tal pa\u00eds no que respeita a prote\u00e7\u00e3o de dados e aos requisitos aplic\u00e1veis a tais transfer\u00eancias.<\/p>\n\n<h3>6. UTILIZA\u00c7\u00c3O DE COOKIES<\/h3>\n\n<p>Ao navegar no Site est\u00e1 a aceitar a cria\u00e7\u00e3o e grava\u00e7\u00e3o no seu computador de um ficheiro de texto (Cookie). Este ficheiro vai permitir-lhe uma maior facilidade e rapidez no acesso ao Site, bem como a sua personaliza\u00e7\u00e3o de acordo com as suas prefer\u00eancias. A maioria dos browsers aceita estes ficheiros (Cookies), mas o Utilizador poder\u00e1 apag\u00e1-los ou definir automaticamente o seu bloqueio. No menu \u201cAjuda\/Help\u201d do seu browser encontrar\u00e1 como efetuar essas configura\u00e7\u00f5es. No entanto, caso n\u00e3o permita o uso de cookies poder\u00e1 haver algumas funcionalidades do Site que n\u00e3o conseguir\u00e1 utilizar.<\/p>\n\n<h2>B. DIREITOS DOS UTILIZADORES (TITULARES DOS DADOS)<\/h2>\n\n<h3>7. DIREITO \u00c0 INFORMA\u00c7\u00c3O<\/h3>\n\n<h4>7.1. Informa\u00e7\u00f5es facultadas ao Utilizador pela FERRAZ LYNCE (quando os dados s\u00e3o recolhidos diretamente junto do Utilizador)<\/h4>\n\n<p>Quando os dados s\u00e3o recolhidos diretamente junto do Utilizador, a FERRAZ LYNCE presta-lhe, no momento da recolha dos Dados Pessoais, as seguintes informa\u00e7\u00f5es:<\/p>\n\n<ul>\n    <li>A identidade e os contactos da FERRAZ LYNCE, respons\u00e1vel pelo tratamento e, se aplic\u00e1vel, do seu representante;<\/li>\n    <li>Os contactos do Encarregado da Prote\u00e7\u00e3o de Dados;<\/li>\n    <li>As finalidades do tratamento a que os Dados Pessoais se destinam, bem como, se aplic\u00e1vel, o fundamento jur\u00eddico para o tratamento;<\/li>\n    <li>Se o tratamento dos dados se basear em interesses leg\u00edtimos da FERRAZ LYNCE ou de um terceiro, indica\u00e7\u00e3o de tais interesses;<\/li>\n    <li>Se aplic\u00e1vel, os destinat\u00e1rios ou categorias de destinat\u00e1rios dos Dados Pessoais;<\/li>\n    <li>Se aplic\u00e1vel, indica\u00e7\u00e3o de que os Dados Pessoais ser\u00e3o transferidos para um pa\u00eds terceiro ou uma organiza\u00e7\u00e3o internacional, e a exist\u00eancia ou n\u00e3o de uma decis\u00e3o de adequa\u00e7\u00e3o adotada pela Comiss\u00e3o ou a refer\u00eancia a garantias de transfer\u00eancia apropriadas ou adequadas;<\/li>\n    <li>Prazo de conserva\u00e7\u00e3o dos Dados Pessoais;<\/li>\n    <li>O direito de solicitar \u00e0 FERRAZ LYNCE o acesso aos Dados Pessoais, bem como a sua retifica\u00e7\u00e3o, apagamento ou limita\u00e7\u00e3o, o direito de se opor ao tratamento e o direito \u00e0 portabilidade dos dados;<\/li>\n    <li>Se o tratamento dos dados se basear no consentimento do Utilizador, o direito de retirar o consentimento em qualquer altura, sem comprometer a licitude do tratamento efetuado com base no consentimento previamente dado;<\/li>\n    <li>O direito de apresentar reclama\u00e7\u00e3o junto da CNPD ou outra autoridade de controlo;<\/li>\n    <li>Indica\u00e7\u00e3o se a comunica\u00e7\u00e3o de Dados Pessoais constitui ou n\u00e3o uma obriga\u00e7\u00e3o legal ou contratual, ou um requisito necess\u00e1rio para celebrar um contrato, bem como se o titular est\u00e1 obrigado a fornecer os Dados Pessoais e as eventuais consequ\u00eancias de n\u00e3o fornecer esses dados;<\/li>\n    <li>Se aplic\u00e1vel, a exist\u00eancia de decis\u00f5es automatizadas, incluindo a defini\u00e7\u00e3o de perfis, e informa\u00e7\u00f5es relativas \u00e0 l\u00f3gica subjacente, bem como a import\u00e2ncia e as consequ\u00eancias previstas de tal tratamento para o titular dos dados.<\/li>\n<\/ul>\n\n<p>No caso de os Dados do Utilizador n\u00e3o serem recolhidos diretamente pela FERRAZ LYNCE junto do Utilizador, al\u00e9m das informa\u00e7\u00f5es referidas acima, o Utilizador \u00e9 adicionalmente informado acerca das categorias de Dados Pessoais objeto de tratamento e, bem assim, acerca da origem dos dados e, eventualmente, se prov\u00eam de fontes acess\u00edveis ao p\u00fablico.<\/p>\n\n<p>Caso a FERRAZ LYNCE pretenda proceder ao tratamento posterior dos Dados do Utilizador para um fim que n\u00e3o seja aquele para o qual os dados foram recolhidos, antes desse tratamento a FERRAZ LYNCE fornecer\u00e1 ao Utilizador informa\u00e7\u00f5es sobre esse fim e quaisquer outras informa\u00e7\u00f5es pertinentes, nos termos acima referidos.<\/p>\n\n<h4>7.2. Procedimentos e medidas implementadas com vista ao cumprimento do direito \u00e0 informa\u00e7\u00e3o<\/h4>\n\n<p>A informa\u00e7\u00e3o referida em 7.1 \u00e9 prestada por escrito (incluindo por meios eletr\u00f3nicos) pela FERRAZ LYNCE ao Utilizador previamente ao tratamento de Dados Pessoais em causa. Nos termos da lei aplic\u00e1vel, a FERRAZ LYNCE n\u00e3o tem a obriga\u00e7\u00e3o de prestar ao Utilizador as informa\u00e7\u00f5es mencionadas em 7.1 quando e na medida em que o Utilizador j\u00e1 tiver conhecimento das mesmas.<\/p>\n\n<p>As informa\u00e7\u00f5es s\u00e3o fornecidas pela FERRAZ LYNCE a t\u00edtulo gratuito.<\/p>\n\n<h3>8. DIREITO DE ACESSO AOS DADOS PESSOAIS<\/h3>\n\n<p>A FERRAZ LYNCE garante os meios que permitam o acesso, pelo Utilizador, aos seus Dados Pessoais.<\/p>\n\n<p>O Utilizador tem o direito de obter da FERRAZ LYNCE a confirma\u00e7\u00e3o de que os Dados Pessoais que lhe dizem respeito s\u00e3o ou n\u00e3o objeto de tratamento e, sendo o caso, o direito de aceder aos seus Dados Pessoais e \u00e0s seguintes informa\u00e7\u00f5es:<\/p>\n\n<ul>\n    <li>As finalidades do tratamento dos dados;<\/li>\n    <li>As categorias dos Dados Pessoais em quest\u00e3o;<\/li>\n    <li>Os destinat\u00e1rios ou categorias de destinat\u00e1rios a quem os Dados Pessoais foram ou ser\u00e3o divulgados, nomeadamente os destinat\u00e1rios estabelecidos em pa\u00edses terceiros ou pertencentes a organiza\u00e7\u00f5es internacionais;<\/li>\n    <li>O prazo de conserva\u00e7\u00e3o dos Dados Pessoais;<\/li>\n    <li>Direito de solicitar \u00e0 FERRAZ LYNCE a retifica\u00e7\u00e3o, o apagamento ou a limita\u00e7\u00e3o do tratamento dos Dados Pessoais, ou o direito de se opor a esse tratamento;<\/li>\n    <li>Direito de apresentar reclama\u00e7\u00e3o junto da CNPD ou outra autoridade de controlo;<\/li>\n    <li>Se os dados n\u00e3o tiverem sido recolhidos junto do Utilizador, as informa\u00e7\u00f5es dispon\u00edveis sobre a origem desses dados;<\/li>\n    <li>A exist\u00eancia de decis\u00f5es automatizadas, incluindo a defini\u00e7\u00e3o de perfis, e informa\u00e7\u00f5es relativas \u00e0 l\u00f3gica subjacente, bem como a import\u00e2ncia e as consequ\u00eancias previstas de tal tratamento para o titular dos dados;<\/li>\n    <li>Direito a ser informado sobre as garantias adequadas associadas \u00e0 transfer\u00eancia de dados para pa\u00edses terceiros ou organiza\u00e7\u00f5es internacionais.<\/li>\n<\/ul>\n\n<p>Mediante solicita\u00e7\u00e3o, a FERRAZ LYNCE fornecer\u00e1 ao Utilizador, a t\u00edtulo gratuito, uma c\u00f3pia dos Dados do Utilizador que se encontram em fase de tratamento. O fornecimento de outras c\u00f3pias solicitadas pelo Utilizador poder\u00e1 acarretar custos administrativos.<\/p>\n\n<h3>9. DIREITO DE RETIFICA\u00c7\u00c3O DOS DADOS PESSOAAIS<\/h3>\n\n<p>O Utilizador tem o direito de solicitar, a qualquer momento, a retifica\u00e7\u00e3o dos seus Dados Pessoais e, bem assim, o direito a que os seus Dados Pessoais incompletos sejam completados, incluindo por meio de uma declara\u00e7\u00e3o adicional.<\/p>\n\n<p>Em caso de retifica\u00e7\u00e3o dos dados, a FERRAZ LYNCE comunica a cada destinat\u00e1rio a quem os dados tenham sido transmitidos a respetiva retifica\u00e7\u00e3o, salvo se tal comunica\u00e7\u00e3o se revelar imposs\u00edvel ou implicar um esfor\u00e7o desproporcionado para a FERRAZ LYNCE.<\/p>\n\n<h3>10. DIREITO AO APAGAMENTO DOS DADOS PESSOAIS (\u201cDIREITO A SER ESQUECIDO\u201d)<\/h3>\n\n<p>O Utilizador tem o direito de obter, por parte da FERRAZ LYNCE, o apagamento dos seus dados quando se aplique um dos seguintes motivos:<\/p>\n\n<ul>\n    <li>Os Dados do Utilizador deixarem de ser necess\u00e1rios para a finalidade que motivou a sua recolha ou tratamento;<\/li>\n    <li>O Utilizador retirar o consentimento em que se baseia o tratamento dos dados e n\u00e3o existir outro fundamento jur\u00eddico para o referido tratamento;<\/li>\n    <li>O Utilizador opor-se ao tratamento ao abrigo do direito de oposi\u00e7\u00e3o e n\u00e3o existirem interesses leg\u00edtimos prevalecentes que justifiquem o tratamento;<\/li>\n    <li>Caso os Dados do Utilizador sejam tratados ilicitamente;<\/li>\n    <li>Caso os Dados do Utilizador tiverem de ser apagados para o cumprimento de uma obriga\u00e7\u00e3o jur\u00eddica a que a FERRAZ LYNCE esteja sujeito.<\/li>\n<\/ul>\n\n<p>Nos termos legais aplic\u00e1veis, a FERRAZ LYNCE n\u00e3o tem a obriga\u00e7\u00e3o de apagar os Dados do Utilizador na medida em que o tratamento se revele necess\u00e1rio ao cumprimento de uma obriga\u00e7\u00e3o legal a que a FERRAZ LYNCE esteja sujeito ou para efeitos de declara\u00e7\u00e3o, exerc\u00edcio ou defesa de um direito da FERRAZ LYNCE num processo judicial.<\/p>\n\n<p>Em caso de apagamento dos dados, a FERRAZ LYNCE comunica a cada destinat\u00e1rio\/entidade a quem os dados tenham sido transmitidos o respetivo apagamento, salvo se tal comunica\u00e7\u00e3o se revelar imposs\u00edvel ou implicar um esfor\u00e7o desproporcionado para a FERRAZ LYNCE.<\/p>\n\n<p>Quando a FERRAZ LYNCE tiver tornado p\u00fablicos os Dados do Utilizador e for obrigado a apag\u00e1-los ao abrigo do direito ao apagamento, a FERRAZ LYNCE compromete-se a assegurar as medidas que forem razo\u00e1veis, incluindo de car\u00e1cter t\u00e9cnico, tendo em considera\u00e7\u00e3o a tecnologia dispon\u00edvel e os custos da sua aplica\u00e7\u00e3o, para informar os respons\u00e1veis pelo tratamento efetivo dos Dados Pessoais de que o Utilizador lhes solicitou o apagamento das liga\u00e7\u00f5es para esses Dados Pessoais, bem como das c\u00f3pias ou reprodu\u00e7\u00f5es dos mesmos.<\/p>\n\n<h3>11. DIREITO \u00c0 LIMITA\u00c7\u00c3O DO TRATAMENTO DOS DADOS PESSOAIS<\/h3>\n\n<p>O Utilizador tem o direito de obter, por parte da FERRAZ LYNCE, a limita\u00e7\u00e3o do tratamento dos Dados do Utilizador, se se aplicar uma das seguintes situa\u00e7\u00f5es (a limita\u00e7\u00e3o consiste em inserir uma marca nos Dados Pessoais conservados com o objetivo de limitar o seu tratamento no futuro):<\/p>\n\n<ul>\n    <li>Se contestar a exatid\u00e3o dos Dados Pessoais, durante um per\u00edodo que permita \u00e0 FERRAZ LYNCE verificar a sua exatid\u00e3o;<\/li>\n    <li>Se o tratamento for il\u00edcito e o Utilizador se opuser ao apagamento dos dados, solicitando, em contrapartida, a limita\u00e7\u00e3o da sua utiliza\u00e7\u00e3o;<\/li>\n    <li>Se a FERRAZ LYNCE j\u00e1 n\u00e3o precisar dos Dados do Utilizador para fins de tratamento, mas esses dados sejam requeridos pelo Utilizador para efeitos de declara\u00e7\u00e3o, exerc\u00edcio ou defesa de um direito num processo judicial;<\/li>\n    <li>Caso o Utilizador se tenha oposto ao tratamento, at\u00e9 se verificar que os motivos leg\u00edtimos da FERRAZ LYNCE prevalecem sobre os do Utilizador.<\/li>\n<\/ul>\n\n<p>Quando os Dados do Utilizador sejam objeto de limita\u00e7\u00e3o, s\u00f3 poder\u00e3o, \u00e0 exce\u00e7\u00e3o da conserva\u00e7\u00e3o, ser tratados com o consentimento do Utilizador ou para efeitos de declara\u00e7\u00e3o, exerc\u00edcio ou defesa de um direito num processo judicial, de defesa dos direitos de outra pessoa singular ou coletiva, ou por motivos de interesse p\u00fablico legalmente previstos.<\/p>\n\n<p>O Utilizador que tiver obtido a limita\u00e7\u00e3o do tratamento dos seus dados nos casos acima referidos ser\u00e1 informado pela FERRAZ LYNCE antes de ser anulada a limita\u00e7\u00e3o ao tratamento.<\/p>\n\n<p>Em caso de limita\u00e7\u00e3o do tratamento dos dados, a FERRAZ LYNCE comunicar\u00e1 a cada destinat\u00e1rio a quem os dados tenham sido transmitidos a respetiva limita\u00e7\u00e3o, salvo se tal comunica\u00e7\u00e3o se revelar imposs\u00edvel ou implicar um esfor\u00e7o desproporcionado para a FERRAZ LYNCE.<\/p>\n\n<h3>12. DIREITO DE PORTABILIDADE DOS DADOS PESSOAIS<\/h3>\n\n<p>O Utilizador tem o direito de receber os Dados Pessoais que lhe digam respeito e que tenha fornecido \u00e0 FERRAZ LYNCE, num formato estruturado, de uso corrente e de leitura autom\u00e1tica, e o direito de transmitir esses dados a outro respons\u00e1vel pelo tratamento, se:<\/p>\n\n<ul>\n    <li>O tratamento se basear no consentimento ou num contrato de que o Utilizador \u00e9 parte; e<\/li>\n    <li>O tratamento for realizado por meios automatizados.<\/li>\n<\/ul>\n\n<p>O direito de portabilidade n\u00e3o inclui dados inferidos nem dados derivados, isto \u00e9, Dados Pessoais que sejam gerados pela FERRAZ LYNCE como consequ\u00eancia ou resultado da an\u00e1lise dos dados objeto de tratamento.<\/p>\n\n<p>O Utilizador tem o direito a que os Dados Pessoais sejam transmitidos diretamente entre os respons\u00e1veis pelo tratamento, sempre que tal seja tecnicamente poss\u00edvel.<\/p>\n\n<h3>13. DIREITO DE OPOSI\u00c7\u00c3O AO TRATAMENTO<\/h3>\n\n<p>O Utilizador tem o direito de se opor a qualquer momento, por motivos relacionados com a sua situa\u00e7\u00e3o particular, ao tratamento dos Dados Pessoais que lhe digam respeito que assente no exerc\u00edcio de interesses leg\u00edtimos prosseguidos pela FERRAZ LYNCE ou quando o tratamento for efetuado para fins que n\u00e3o sejam aqueles para os quais os Dados Pessoais foram recolhidos, incluindo a defini\u00e7\u00e3o de perfis, ou quando os Dados Pessoais forem tratados para fins estat\u00edsticos.<\/p>\n\n<p>A FERRAZ LYNCE cessar\u00e1 o tratamento dos Dados do Utilizador, salvo se apresentar raz\u00f5es imperiosas e leg\u00edtimas para esse tratamento que prevale\u00e7am sobre os interesses, direitos e liberdades do Utilizador, ou para efeitos de declara\u00e7\u00e3o, exerc\u00edcio ou defesa de um direito da FERRAZ LYNCE num processo judicial.<\/p>\n\n<p>Quando os Dados do Utilizador forem tratados para efeitos de comercializa\u00e7\u00e3o direta (marketing), o Utilizador tem o direito de se opor a qualquer momento ao tratamento dos dados que lhe digam respeito para os efeitos da referida comercializa\u00e7\u00e3o, o que abrange a defini\u00e7\u00e3o de perfis na medida em que esteja relacionada com a comercializa\u00e7\u00e3o direta. Caso o Utilizador se oponha ao tratamento dos seus dados para efeitos de comercializa\u00e7\u00e3o direta, a FERRAZ LYNCE cessa o tratamento dos dados para esse fim.<\/p>\n\n<p>O Utilizador tem ainda o direito de n\u00e3o ficar sujeito a nenhuma decis\u00e3o tomada exclusivamente com base no tratamento automatizado, incluindo a defini\u00e7\u00e3o de perfis, que produza efeitos na sua esfera jur\u00eddica ou que o afete significativamente de forma similar, salvo se a decis\u00e3o:<\/p>\n\n<ul>\n    <li>For necess\u00e1ria para a celebra\u00e7\u00e3o ou a execu\u00e7\u00e3o de um contrato entre o Utilizador e a FERRAZ LYNCE;<\/li>\n    <li>For autorizada por legisla\u00e7\u00e3o a que a FERRAZ LYNCE estiver sujeito; ou<\/li>\n    <li>For baseada no consentimento expl\u00edcito do Utilizador.<\/li>\n<\/ul>\n\n<h3>14. PROCEDIMENTOS COM VISTA AO EXERC\u00cdCIO DOS DIREITOS PELO UTILIZADOR<\/h3>\n\n<p>O direito de acesso, o direito de retifica\u00e7\u00e3o, o direito de apagamento, o direito \u00e0 limita\u00e7\u00e3o, o direito de portabilidade e o direito \u00e0 oposi\u00e7\u00e3o podem ser exercidos pelo Utilizador mediante contacto com o Departamento de Prote\u00e7\u00e3o de Dados da FERRAZ LYNCE, atrav\u00e9s do e-mail <strong>dadospessoais@iberfar.pt<\/strong> e\/ou atrav\u00e9s de carta registada remetida para Rua Consiglieri Pedroso 123, 2730-056 Barcarena.<\/p>\n\n<p>A FERRAZ LYNCE dar\u00e1 resposta por escrito (incluindo por meios eletr\u00f3nicos) ao pedido do Utilizador no prazo m\u00e1ximo de um m\u00eas a contar da rece\u00e7\u00e3o do pedido, salvo em casos de especial complexidade, em que esse prazo pode ser prorrogado at\u00e9 dois meses.<\/p>\n\n<p>Se os pedidos apresentados pelo Utilizador forem manifestamente infundados ou excessivos, nomeadamente devido ao seu car\u00e1cter repetitivo, a FERRAZ LYNCE reserva-se o direito de cobrar custos administrativos ou recusar-se a dar seguimento ao pedido.<\/p>\n\n<h3>15. VIOLA\u00c7\u00d5ES DE DADOS PESSOAIS<\/h3>\n\n<p>Em caso de viola\u00e7\u00e3o de dados e na medida em que tal viola\u00e7\u00e3o seja suscet\u00edvel de implicar um elevado risco para os direitos e liberdades do Utilizador, a FERRAZ LYNCE compromete-se a comunicar a viola\u00e7\u00e3o de Dados Pessoais ao Utilizador em causa no prazo de 72 horas a contar do conhecimento do incidente.<\/p>\n\n<p>Nos termos legais, a comunica\u00e7\u00e3o ao Utilizador n\u00e3o \u00e9 exigida nos seguintes casos:<\/p>\n\n<ul>\n    <li>Caso a FERRAZ LYNCE tenha aplicado medidas de prote\u00e7\u00e3o adequadas, tanto t\u00e9cnicas como organizativas, e essas medidas tenham sido aplicadas aos Dados Pessoais afetados pela viola\u00e7\u00e3o de Dados Pessoais, especialmente medidas que tornem os Dados Pessoais incompreens\u00edveis para qualquer pessoa n\u00e3o autorizada a aceder a esses dados, tais como a cifragem;<\/li>\n    <li>Caso a FERRAZ LYNCE tenha tomado medidas subsequentes que assegurem que o elevado risco para os direitos e liberdades do Utilizador j\u00e1 n\u00e3o \u00e9 suscet\u00edvel de se concretizar; ou<\/li>\n    <li>Caso a comunica\u00e7\u00e3o ao Utilizador implique um esfor\u00e7o desproporcionado para a FERRAZ LYNCE. Nesse caso, a FERRAZ LYNCE far\u00e1 uma comunica\u00e7\u00e3o p\u00fablica ou tomar\u00e1 uma medida semelhante atrav\u00e9s da qual o Utilizador ser\u00e1 informado.<\/li>\n<\/ul>\n\n<h2>C. PARTE FINAL<\/h2>\n\n<h3>16. ALTERA\u00c7\u00d5ES \u00c0 POL\u00cdTICA DE PRIVACIDADE<\/h3>\n\n<p>A FERRAZ LYNCE reserva-se o direito de alterar a presente Pol\u00edtica de Privacidade a todo o tempo. Em caso de modifica\u00e7\u00e3o da Pol\u00edtica de Privacidade, a data da \u00faltima altera\u00e7\u00e3o, dispon\u00edvel no topo desta p\u00e1gina, \u00e9 tamb\u00e9m atualizada. Caso a altera\u00e7\u00e3o seja substancial, ser\u00e1 colocado um aviso no Site.<\/p>\n\n<h3>17. LEI E FORO APLIC\u00c1VEIS<\/h3>\n\n<p>A Pol\u00edtica de Privacidade, bem como a recolha, tratamento ou transmiss\u00e3o de Dados do Utilizador, s\u00e3o regidos pelo disposto no Regulamento (UE) 2016\/679, do Parlamento Europeu e do Conselho, de 27 de abril de 2016 e pela legisla\u00e7\u00e3o e regulamenta\u00e7\u00e3o aplic\u00e1veis em Portugal.<\/p>\n\n<p>Quaisquer lit\u00edgios decorrentes da validade, interpreta\u00e7\u00e3o ou execu\u00e7\u00e3o da Pol\u00edtica de Privacidade, ou que estejam relacionados com a recolha, tratamento ou transmiss\u00e3o de Dados do Utilizador, devem ser submetidos em exclusivo \u00e0 jurisdi\u00e7\u00e3o dos tribunais judiciais da comarca de Oeiras, sem preju\u00edzo das normas legais imperativas aplic\u00e1veis.<\/p>\n\t\t\t\t\t\t\t\t<\/div>\n\t\t\t\t<div class=\"elementor-element elementor-element-0739922 elementor-widget elementor-widget-spacer\" data-id=\"0739922\" data-element_type=\"widget\" data-e-type=\"widget\" data-widget_type=\"spacer.default\">\n\t\t\t\t\t\t\t<div class=\"elementor-spacer\">\n\t\t\t<div class=\"elementor-spacer-inner\"><\/div>\n\t\t<\/div>\n\t\t\t\t\t\t<\/div>\n\t\t\t\t\t<\/div>\n\t\t\t\t<\/div>\n\t\t<div class=\"elementor-element elementor-element-2d4ec78 e-flex e-con-boxed e-con e-parent\" data-id=\"2d4ec78\" data-element_type=\"container\" data-e-type=\"container\">\n\t\t\t\t\t<div class=\"e-con-inner\">\n\t\t\t\t<div class=\"elementor-element elementor-element-1c50716 elementor-widget elementor-widget-heading\" data-id=\"1c50716\" data-element_type=\"widget\" data-e-type=\"widget\" data-widget_type=\"heading.default\">\n\t\t\t\t\t<h2 class=\"elementor-heading-title elementor-size-default\">Pol\u00edtica de Privacidade para Quest\u00f5es de Farmacovigil\u00e2ncia e Informa\u00e7\u00e3o M\u00e9dica<\/h2>\t\t\t\t<\/div>\n\t\t\t\t<div class=\"elementor-element elementor-element-dc70a02 elementor-widget elementor-widget-text-editor\" data-id=\"dc70a02\" data-element_type=\"widget\" data-e-type=\"widget\" data-widget_type=\"text-editor.default\">\n\t\t\t\t\t\t\t\t\t<p><strong>\u00daltima atualiza\u00e7\u00e3o:<\/strong> 17 de julho de 2025<\/p>\n\n<h3>Informa\u00e7\u00e3o Geral<\/h3>\n<p>A sociedade FERRAZ, LYNCE Especialidades Farmac\u00eauticas, S.A. (doravante \u201cFerraz Lynce\u201d) respeita o seu direito \u00e0 privacidade e trata a sua informa\u00e7\u00e3o pessoal em conformidade com as leis e regulamentos aplic\u00e1veis, incluindo o Regulamento Geral sobre a Prote\u00e7\u00e3o de Dados da Uni\u00e3o Europeia (\u201cRGPD\u201d). Esta Pol\u00edtica de Privacidade explica como recolhemos e tratamos a sua informa\u00e7\u00e3o pessoal para fins de farmacovigil\u00e2ncia e informa\u00e7\u00e3o m\u00e9dica e como poder\u00e1 exercer os seus direitos de privacidade. Se tiver alguma quest\u00e3o ou preocupa\u00e7\u00e3o sobre a forma como utilizamos a sua informa\u00e7\u00e3o pessoal, por favor contacte-nos usando a informa\u00e7\u00e3o disponibilizada no final desta Pol\u00edtica de Privacidade.<\/p>\n\n<h3>Que informa\u00e7\u00e3o pessoal necessitamos de recolher e para que fins?<\/h3>\n\n<h4>Fins de Farmacovigil\u00e2ncia e Vigil\u00e2ncia de produtos de sa\u00fade<\/h4>\n<p>Poderemos recolher a seguinte informa\u00e7\u00e3o pessoal, dependendo de quem nos contacta (doente ou pessoa que comunica um evento adverso\/incidente): nome, apelido, idade, data\/ano de nascimento, sexo, iniciais, informa\u00e7\u00e3o para contacto e profiss\u00e3o. Poderemos recolher informa\u00e7\u00e3o adicional em rela\u00e7\u00e3o a dados de sa\u00fade ou hist\u00f3ria m\u00e9dica de um indiv\u00edduo que experienciou um evento adverso\/incidente.<\/p>\n<p>Poder\u00e1 ser-nos solicitado por lei que utilizemos a sua informa\u00e7\u00e3o para avaliar a seguran\u00e7a dos nossos medicamentos ou outros produtos de sa\u00fade e comunicar os dados \u00e0s autoridades reguladoras. Na comunica\u00e7\u00e3o de dados \u00e0s autoridades, a sua informa\u00e7\u00e3o ser\u00e1 partilhada de forma an\u00f3nima. Os dados n\u00e3o ser\u00e3o usados para outros fins que n\u00e3o atividades relacionadas com farmacovigil\u00e2ncia ou vigil\u00e2ncia de produtos de sa\u00fade.<\/p>\n<p>Poderemos receber informa\u00e7\u00e3o pessoal sua de terceiros (como m\u00e9dicos), mas apenas quando tivermos verificado que esses terceiros t\u00eam o seu consentimento ou est\u00e3o legalmente autorizados a divulgar-nos os seus dados pessoais. A informa\u00e7\u00e3o recebida ser\u00e1 utilizada apenas para avaliar a seguran\u00e7a dos medicamentos, comunicar eventos adversos\/incidentes \u00e0s autoridades ou contact\u00e1-lo para seguimento ou confirma\u00e7\u00e3o.<\/p>\n\n<h4>Fins de Pedidos de Informa\u00e7\u00e3o M\u00e9dica<\/h4>\n<p>Poderemos recolher nome, apelido, data\/ano de nascimento, sexo, informa\u00e7\u00e3o para contacto e profiss\u00e3o do indiv\u00edduo que nos contacte com uma quest\u00e3o m\u00e9dica. Poderemos recolher dados de sa\u00fade ou relacionados com a hist\u00f3ria m\u00e9dica de qualquer indiv\u00edduo que nos submeta uma quest\u00e3o. Recolhemos esta informa\u00e7\u00e3o para responder \u00e0 quest\u00e3o e fazer o seguimento necess\u00e1rio, cumprindo obriga\u00e7\u00f5es legais. Se a quest\u00e3o estiver associada a um evento adverso\/incidente, poderemos ser obrigados a comunicar os dados \u00e0s autoridades.<\/p>\n\n<h4>Fins de Reclama\u00e7\u00f5es de Qualidade do Medicamento ou outros produtos de sa\u00fade<\/h4>\n<p>Poderemos recolher nome, apelido, iniciais, informa\u00e7\u00e3o para contacto e profiss\u00e3o do indiv\u00edduo que nos contacte com uma reclama\u00e7\u00e3o de qualidade. Se relevante, poderemos recolher dados do indiv\u00edduo afetado pela reclama\u00e7\u00e3o. Estes dados s\u00e3o recolhidos para avaliar a reclama\u00e7\u00e3o e cumprir obriga\u00e7\u00f5es legais, podendo ser necess\u00e1rio comunicar os dados \u00e0s autoridades ou contact\u00e1-lo para seguimento.<\/p>\n\n<h3>Com quem iremos partilhar a sua informa\u00e7\u00e3o pessoal?<\/h3>\n<ul>\n    <li>Empresas do nosso grupo e subsidi\u00e1rias, prestadores de servi\u00e7os e parceiros que tratem dados pessoais para os fins descritos nesta Pol\u00edtica, incluindo operadores de bases de dados de farmacovigil\u00e2ncia e informa\u00e7\u00e3o m\u00e9dica.<\/li>\n    <li>Entidades de aplica\u00e7\u00e3o da lei, reguladores, ag\u00eancias governamentais, tribunais ou outros terceiros, sempre que necess\u00e1rio por lei, para defesa de direitos legais ou para prote\u00e7\u00e3o de interesses vitais.<\/li>\n<\/ul>\n\n<h3>Base legal para o tratamento da informa\u00e7\u00e3o pessoal (apenas pa\u00edses da UE)<\/h3>\n<p>No \u00e2mbito do RGPD, a base legal depende da natureza da quest\u00e3o ou reclama\u00e7\u00e3o. Frequentemente, o processamento \u00e9 necess\u00e1rio para interesses leg\u00edtimos de resposta a quest\u00f5es m\u00e9dicas (Art. 6.\u00ba, n.\u00ba 1, al. f). Se a quest\u00e3o envolver um evento adverso, o tratamento e comunica\u00e7\u00e3o \u00e0s autoridades poder\u00e3o ser obrigat\u00f3rios por lei, com base no interesse p\u00fablico em sa\u00fade p\u00fablica (Art. 6.\u00ba, n.\u00ba 1, al. c) e Art. 9.\u00ba, n.\u00ba 2, al. i).<\/p>\n<p>Para mais informa\u00e7\u00e3o sobre a base legal, contacte-nos atrav\u00e9s dos contactos dispon\u00edveis na sec\u00e7\u00e3o \u201cContactos\u201d.<\/p>\n\n<h3>Como \u00e9 que iremos manter a sua informa\u00e7\u00e3o pessoal em seguran\u00e7a?<\/h3>\n<p>Adotamos medidas t\u00e9cnicas e organizacionais adequadas para proteger os dados pessoais, assegurando um n\u00edvel de seguran\u00e7a adequado ao risco do tratamento.<\/p>\n\n<h3>Transfer\u00eancia internacional de dados<\/h3>\n<p>A sua informa\u00e7\u00e3o pode ser transferida e tratada em pa\u00edses fora do seu pa\u00eds de resid\u00eancia, que poder\u00e3o ter leis de prote\u00e7\u00e3o de dados diferentes. Implement\u00e1mos medidas adequadas, incluindo Cl\u00e1usulas Contratuais Tipo da Comiss\u00e3o Europeia, para garantir que os seus dados permanecem protegidos.<\/p>\n<p>Mais informa\u00e7\u00e3o poder\u00e1 ser disponibilizada mediante pedido.<\/p>\n\n<h3>Reten\u00e7\u00e3o de dados<\/h3>\n<p>Para fins de farmacovigil\u00e2ncia, os dados poder\u00e3o ser conservados durante todo o tempo de vida da companhia, caso sejam relevantes para sa\u00fade p\u00fablica.<\/p>\n<p>Para quest\u00f5es m\u00e9dicas e reclama\u00e7\u00f5es, os dados poder\u00e3o ser mantidos at\u00e9 10 anos ap\u00f3s o contacto.<\/p>\n\n<h3>Os seus direitos de prote\u00e7\u00e3o de dados<\/h3>\n<ul>\n    <li>Poder\u00e1 aceder, corrigir ou atualizar a sua informa\u00e7\u00e3o pessoal, contactando-nos atrav\u00e9s dos contactos indicados.<\/li>\n    <li>Poder\u00e1 opor-se ao tratamento, solicitar restri\u00e7\u00e3o, elimina\u00e7\u00e3o ou portabilidade, mas estes direitos poder\u00e3o ser limitados devido a obriga\u00e7\u00f5es legais de farmacovigil\u00e2ncia.<\/li>\n    <li>Se o tratamento for baseado em consentimento, poder\u00e1 retir\u00e1-lo a qualquer momento, sem afetar o tratamento pr\u00e9vio ou qualquer tratamento baseado em fundamento legal alternativo.<\/li>\n    <li>Pode apresentar reclama\u00e7\u00e3o \u00e0 autoridade de prote\u00e7\u00e3o de dados competente.<\/li>\n<\/ul>\n\n<p>Respondemos a todos os pedidos de exerc\u00edcio de direitos conforme a legisla\u00e7\u00e3o aplic\u00e1vel.<\/p>\n\n<h3>Atualiza\u00e7\u00e3o desta Pol\u00edtica de Privacidade<\/h3>\n<p>O Ferraz Lynce pode alterar esta Pol\u00edtica a qualquer momento, garantindo sempre conformidade com o RGPD. Altera\u00e7\u00f5es ser\u00e3o comunicadas quando relevante.<\/p>\n\n<h3>Contacts<\/h3>\n<p>O respons\u00e1vel pelo tratamento \u00e9 a FERRAZ, LYNCE Especialidades Farmac\u00eauticas, S.A. A autoridade competente \u00e9 a Comiss\u00e3o Nacional de Prote\u00e7\u00e3o de Dados.<\/p>\n<p>Para exercer direitos de privacidade ou esclarecer quest\u00f5es, contacte o respons\u00e1vel pela prote\u00e7\u00e3o de dados atrav\u00e9s do e-mail: <strong>dadospessoais@iberfar.pt<\/strong> ou por correio para: Estrada Consiglieri Pedroso, n\u00ba 123, 234-501 Barcarena, Portugal.<\/p>\n\t\t\t\t\t\t\t\t<\/div>\n\t\t\t\t\t<\/div>\n\t\t\t\t<\/div>\n\t\t\t\t<\/div>","protected":false},"excerpt":{"rendered":"<p>POL\u00cdTICA DE PRIVACIDADE A. PARTE GERAL 1.1. RECOLHA E TRATAMENTO DE DADOS DO UTILIZADOR No \u00e2mbito da disponibiliza\u00e7\u00e3o do website alojado em https:\/\/www.ferrazlynce.pt\/ (doravante abreviadamente designado apenas por \u201cSite\u201d), do fornecimento de informa\u00e7\u00f5es, conte\u00fados e \u00e1reas de login (em conjunto, os \u201cServi\u00e7os\u201d), a sociedade FERRAZ, LYNCE Especialidades Farmac\u00eauticas, S.A. (doravante \u201cFERRAZ LYNCE\u201d), com sede na [&hellip;]<\/p>\n","protected":false},"author":1,"featured_media":0,"parent":0,"menu_order":0,"comment_status":"closed","ping_status":"closed","template":"","meta":{"footnotes":""},"class_list":["post-23","page","type-page","status-publish","hentry"],"_links":{"self":[{"href":"https:\/\/ferrazlynce.pt\/en\/wp-json\/wp\/v2\/pages\/23","targetHints":{"allow":["GET"]}}],"collection":[{"href":"https:\/\/ferrazlynce.pt\/en\/wp-json\/wp\/v2\/pages"}],"about":[{"href":"https:\/\/ferrazlynce.pt\/en\/wp-json\/wp\/v2\/types\/page"}],"author":[{"embeddable":true,"href":"https:\/\/ferrazlynce.pt\/en\/wp-json\/wp\/v2\/users\/1"}],"replies":[{"embeddable":true,"href":"https:\/\/ferrazlynce.pt\/en\/wp-json\/wp\/v2\/comments?post=23"}],"version-history":[{"count":10,"href":"https:\/\/ferrazlynce.pt\/en\/wp-json\/wp\/v2\/pages\/23\/revisions"}],"predecessor-version":[{"id":1994,"href":"https:\/\/ferrazlynce.pt\/en\/wp-json\/wp\/v2\/pages\/23\/revisions\/1994"}],"wp:attachment":[{"href":"https:\/\/ferrazlynce.pt\/en\/wp-json\/wp\/v2\/media?parent=23"}],"curies":[{"name":"wp","href":"https:\/\/api.w.org\/{rel}","templated":true}]}}